{"id":4052,"date":"2017-03-13T18:16:35","date_gmt":"2017-03-13T18:16:35","guid":{"rendered":"http:\/\/www.clubederh.com.br\/?page_id=4052"},"modified":"2017-09-13T16:58:26","modified_gmt":"2017-09-13T16:58:26","slug":"plano-de-acao-gestao-da-saude-do-trabalhador-com-reducao-da-sinistralidade","status":"publish","type":"page","link":"https:\/\/www.clubederh.com.br\/?page_id=4052","title":{"rendered":"GEST\u00c3O DA SA\u00daDE DO TRABALHADOR"},"content":{"rendered":"<p>[av_one_full first]<br \/>\n[av_heading heading=&#8217;PLANO DE A\u00c7\u00c3O GEST\u00c3O DA SA\u00daDE DO TRABALHADOR COM REDU\u00c7\u00c3O DA SINISTRALIDADE &#8216; tag=&#8217;h3&#8242; color=&#8221; style=&#8217;blockquote modern-quote&#8217; padding=&#8217;0&#8242;]<br \/>\n[\/av_one_full]<\/p>\n<p>[av_hr class=&#8217;default&#8217; height=&#8217;50&#8217; shadow=&#8217;no-shadow&#8217; position=&#8217;center&#8217;]<\/p>\n<p>[av_one_full first]<br \/>\n[av_icon_box icon=&#8217;ue828&#8242; font=&#8217;entypo-fontello&#8217; position=&#8217;left&#8217; title=&#8217;1. APRESENTA\u00c7\u00c3O&#8217; link=&#8221; linktarget=&#8221;]<br \/>\n<span style=\"color: #000000;\">\u00c9 com grande satisfa\u00e7\u00e3o que o<\/span> <strong>CLUBE DE RH<\/strong>, <span style=\"color: #000000;\">est\u00e1 implementando nas empresas o<\/span> <strong>PLANO DE A\u00c7\u00c3O GEST\u00c3O DA SA\u00daDE DO TRABALHADOR COM REDU\u00c7\u00c3O DA SINISTRALIDADE<\/strong>.<\/p>\n<p><span style=\"color: #000000;\">Somos mais de 100 Empresas Associadas, onde atrav\u00e9s de Reuni\u00f5es de Trabalho com uma Equipe Multidisciplinar de Profissionais de Recursos Humanos, M\u00e9dicos do Trabalho, Advogados e Administradores de Operadoras de Planos de Sa\u00fade, desenvolvemos o presente<\/span> <strong>PLANO DE A\u00c7\u00c3O<\/strong>.<\/p>\n<p><span style=\"color: #000000;\">\u00c9 inquestion\u00e1vel a urgente necessidade de se buscar e implantar Novos Modelos de oferta do Benef\u00edcio Sa\u00fade. As Operadoras de Planos de Sa\u00fade est\u00e3o com s\u00e9rias dificuldades financeiras e as Empresas est\u00e3o com sua capacidade de manuten\u00e7\u00e3o do Benef\u00edcio Sa\u00fade comprometida, em fun\u00e7\u00e3o dos Altos Custos e dos Reajustes Anuais decorrentes dos elevados \u00edndices de Sinistralidade presentes na grande maioria das Empresas.<\/span><\/p>\n<p><span style=\"color: #000000;\">Neste sentido o<\/span><strong> CLUBE DE RH<\/strong>\u00a0<span style=\"color: #000000;\">vem convidando Empresas P\u00fablicas e Privadas\u00a0para uma A\u00e7\u00e3o Conjunta, onde atrav\u00e9s da uni\u00e3o de esfor\u00e7os possamos implementar<\/span> <strong>A\u00c7\u00d5ES<\/strong> <span style=\"color: #000000;\">que tem potencial de melhorar a Qualidade do Atendimento e Reduzir Custos<\/span>.<\/p>\n<p><span style=\"color: #000000;\">\u00a0<\/span><br \/>\n[\/av_icon_box]<br \/>\n[\/av_one_full]<\/p>\n<p>[av_notification title=&#8221; color=&#8217;custom&#8217; border=&#8217;solid&#8217; custom_bg=&#8217;#b32025&#8242; custom_font=&#8217;#ffffff&#8217; size=&#8217;large&#8217; icon_select=&#8217;no&#8217; icon=&#8217;ue800&#8242; font=&#8217;entypo-fontello&#8217;]<br \/>\nNosso objetivo \u00e9 alcan\u00e7ar os indicadores da OMS \u2013 ORGANIZA\u00c7\u00c3O MUNDIAL DA SA\u00daDE , de 3 consultas\/usu\u00e1rio\/ano, 12 exames\/usu\u00e1rio\/ano e de 0,8 a 1% de interna\u00e7\u00f5es sobre a popula\u00e7\u00e3o atendida.<br \/>\n[\/av_notification]<\/p>\n<p>[av_hr class=&#8217;default&#8217; height=&#8217;50&#8217; shadow=&#8217;no-shadow&#8217; position=&#8217;center&#8217;]<\/p>\n<p>[av_icon_box icon=&#8217;ue828&#8242; font=&#8217;entypo-fontello&#8217; position=&#8217;left&#8217; title=&#8217;2. RESUMO DO CEN\u00c1RIO ATUAL&#8217; link=&#8221; linktarget=&#8221;]<br \/>\nClick here to add your own text<br \/>\n[\/av_icon_box]<\/p>\n<p>[av_iconlist position=&#8217;left&#8217;]<br \/>\n[av_iconlist_item title=&#8221; link=&#8221; linktarget=&#8221; icon=&#8217;ue812&#8242; font=&#8217;entypo-fontello&#8217;]<br \/>\n<span style=\"color: #000000;\">&#8220;1,6 Milh\u00e3o de Brasileiros deixam de ter Plano de Sa\u00fade em 1 Ano&#8221; &#8211; \u00a0\u00e9 o t\u00edtulo da mat\u00e9ria no Jornal Estad\u00e3o de 14\/06\/2016. Segundo a ANS- Ag\u00eancia Nacional de Sa\u00fade Suplementar o segmento mais impactado foi a de Planos Coletivos Empresariais.<\/span><br \/>\n[\/av_iconlist_item]<br \/>\n[av_iconlist_item title=&#8221; link=&#8221; linktarget=&#8221; icon=&#8217;ue812&#8242; font=&#8217;entypo-fontello&#8217;]<br \/>\n<span style=\"color: #000000;\">As<\/span> <strong>OPS<\/strong> <span style=\"color: #000000;\">&#8211; Operadoras de Planos de Sa\u00fade, est\u00e3o tendo enormes preju\u00edzos financeiros e muitas s\u00e3o obrigadas a encerrar suas atividades. Conforme dados da<\/span> <strong>ANS<\/strong> <span style=\"color: #000000;\">em, 1998, existiam cerca de 3.000 Operadoras de Sa\u00fade, e 15\/12\/2016 , apenas 791 com Planos Ativos.<\/span><br \/>\n[\/av_iconlist_item]<br \/>\n[\/av_iconlist]<\/p>\n<p>[av_textblock]<br \/>\n<span style=\"color: #000000;\">O fato \u00e9 que os Modelos Convencionais de Cobertura Assistencial em \u00a0Sa\u00fade est\u00e3o insustent\u00e1veis para as Operadoras de Planos de Sa\u00fade, para as Empresas e finalmente para os Usu\u00e1rios, tanto dos Planos Empresariais, como nos Planos Pessoa F\u00edsica que est\u00e3o com valores proibitivos para a grande maioria da Popula\u00e7\u00e3o Brasileira.<\/span><\/p>\n<p><span style=\"color: #000000;\">Uma boa descri\u00e7\u00e3o da situa\u00e7\u00e3o atual foi apresentada no Jornal Estad\u00e3o , em 10\/12\/2015, onde o Sr. Jos\u00e9 Pastore , Presidente do Conselho de Emprego e Rela\u00e7\u00f5es do Trabalho da Fecom\u00e9rcio-SP, enfatiza alguns pontos j\u00e1 conhecidos, mas que no atual Cen\u00e1rio Econ\u00f4mico est\u00e3o promovendo a insustentabilidade do Modelo Atual do Benef\u00edcio Sa\u00fade por parte das Empresas:<\/span><br \/>\n[\/av_textblock]<\/p>\n<p>[av_textblock]<\/p>\n<ol>\n<li><span style=\"color: #000000;\">A Infla\u00e7\u00e3o dos Servi\u00e7os M\u00e9dicos Hospitalares \u00e9, em m\u00e9dia, duas vezes a Infla\u00e7\u00e3o do Pa\u00eds;<\/span><\/li>\n<li><span style=\"color: #000000;\">O Benef\u00edcio Sa\u00fade \u00e9 o mais caro Benef\u00edcio concebido pelas Empresas;<\/span><\/li>\n<li><span style=\"color: #000000;\">As empresas est\u00e3o com dificuldades para manter o benef\u00edcio sa\u00fade ocorrendo:<\/span><\/li>\n<\/ol>\n<ul>\n<li><span style=\"color: #000000;\">\u00a0Busca de alternativas para Redu\u00e7\u00e3o de Custos<\/span><\/li>\n<li><span style=\"color: #000000;\">\u00a0Tend\u00eancia por implantar a coparticipa\u00e7\u00e3o com os funcion\u00e1rios<\/span><\/li>\n<li><span style=\"color: #000000;\">\u00a0Busca por prestadores de servi\u00e7os mais baratos ( OPS )<\/span><\/li>\n<li><span style=\"color: #000000;\">\u00a0Cancelamento do Benef\u00edcio Sa\u00fade para os funcion\u00e1rios<\/span><\/li>\n<\/ul>\n<p><span style=\"color: #000000;\">Finalmente, as Empresas para atenderem as Estrat\u00e9gias de Prote\u00e7\u00e3o \u00e0 Sa\u00fade do Trabalhador institucionalizadas pelo Regime Trabalhista, implantam a\u00e7\u00f5es de\u00a0 Preven\u00e7\u00e3o e a Promo\u00e7\u00e3o da Sa\u00fade do Trabalhador, visando identificar precocemente o Nexo de Causalidade entre os eventuais Problemas de Sa\u00fade e a Atividade Laboral.<\/span><\/p>\n<p><span style=\"color: #000000;\">Ocorre que, todo este processo extremamente trabalhoso e oneroso,\u00a0est\u00e1 seriamente comprometido\u00a0em fun\u00e7\u00e3o de que\u00a0a maioria dos Atestados M\u00e9dicos n\u00e3o cont\u00eam \u00a0Informa\u00e7\u00f5es \u00a0Suficientes,\u00a0al\u00e9m de que existe uma Banaliza\u00e7\u00e3o do uso do Atestado M\u00e9dico. Existem casos de trabalhadores que v\u00e3o ao m\u00e9dico somente para adquirir um Atestado M\u00e9dico, para justificar a sua Aus\u00eancia no Trabalho, por motivos diversos que n\u00e3o s\u00e3o relacionados a sua Sa\u00fade.<\/span><br \/>\n[\/av_textblock]<\/p>\n<p>[av_two_third first]<\/p>\n<p>[av_video src=&#8217;https:\/\/www.youtube.com\/watch?v=SAZPUzCavlc&#8217; format=&#8217;16-9&#8242; width=&#8217;16&#8217; height=&#8217;9&#8242;]<\/p>\n<p>[\/av_two_third][av_textblock]<br \/>\n<span style=\"color: #000000;\">Hoje devido a grande facilidade na obten\u00e7\u00e3o de Atestados M\u00e9dicos dentre outros motivos , o \u00edndice de Absente\u00edsmo, em diversas Regi\u00f5es, disparou de 2%, que \u00e9 o \u00cdndice Aceit\u00e1vel de aus\u00eancias por Motivos de Sa\u00fade, para cerca de 8%, comprometendo os Resultados Econ\u00f4micos das Empresas, al\u00e9m de ampliar o \u00cdndice de Sinistralidade. <strong><a href=\"http:\/\/www.clubederh.com.br\/?page_id=1335\" target=\"_blank\">Saiba Mais<\/a><\/strong><\/span><br \/>\n[\/av_textblock]<\/p>\n<p>[av_hr class=&#8217;default&#8217; height=&#8217;50&#8217; shadow=&#8217;no-shadow&#8217; position=&#8217;center&#8217;]<\/p>\n<p>[av_icon_box icon=&#8217;ue828&#8242; font=&#8217;entypo-fontello&#8217; position=&#8217;left&#8217; title=&#8217;3) RESUMO DO CEN\u00c1RIO PROPOSTO&#8217; link=&#8221; linktarget=&#8221;]<br \/>\n<span style=\"color: #000000;\">Alcan\u00e7ar nas empresas os indicadores da<\/span>\u00a0<b>OMS \u2013 ORGANIZA\u00c7\u00c3O MUNDIAL DA SA\u00daDE ,<span style=\"color: #000000;\">\u00a0<\/span><\/b><span style=\"color: #000000;\">de 3 consultas\/usu\u00e1rio\/ano, 12 exames\/usu\u00e1rio\/ano e de 0,8 a 1% de interna\u00e7\u00f5es sobre a popula\u00e7\u00e3o atendida.<\/span><\/p>\n<p><b><span style=\"text-decoration: underline;\">\u00a0<\/span><\/b><br \/>\n[\/av_icon_box]<\/p>\n<p>[av_icon_box icon=&#8217;ue889&#8242; font=&#8217;entypo-fontello&#8217; position=&#8217;left&#8217; title=&#8217;ALGUNS BENEF\u00cdCIOS:&#8217; link=&#8221; linktarget=&#8221;]<br \/>\n<b>\u00a0<\/b><br \/>\n[\/av_icon_box]<\/p>\n<p>[av_iconlist position=&#8217;left&#8217;]<br \/>\n[av_iconlist_item title=&#8217;Para a Operadora de Plano de Sa\u00fade:&#8217; link=&#8221; linktarget=&#8221; icon=&#8217;ue871&#8242; font=&#8217;entypo-fontello&#8217;]<\/p>\n<ol>\n<li><span style=\"color: #000000;\">Redu\u00e7\u00e3o do \u00cdndice de Sinistralidade<\/span><\/li>\n<li><span style=\"color: #000000;\">Maior Rentabilidade<\/span><\/li>\n<li><span style=\"color: #000000;\">Maior Fideliza\u00e7\u00e3o de Clientes<\/span><\/li>\n<\/ol>\n<p>[\/av_iconlist_item]<br \/>\n[av_iconlist_item title=&#8217;Para a Empresa:&#8217; link=&#8221; linktarget=&#8221; icon=&#8217;ue871&#8242; font=&#8217;entypo-fontello&#8217;]<\/p>\n<ol>\n<li><span style=\"color: #000000;\">Menores Reajustes Anuais<\/span><\/li>\n<li><span style=\"color: #000000;\">Redu\u00e7\u00e3o do Custo com o Benef\u00edcio Sa\u00fade<\/span><\/li>\n<li><span style=\"color: #000000;\">Gest\u00e3o da Sa\u00fade do Trabalhador<\/span><\/li>\n<\/ol>\n<p>[\/av_iconlist_item]<br \/>\n[av_iconlist_item title=&#8217;Para o Usu\u00e1rio:&#8217; link=&#8221; linktarget=&#8221; icon=&#8217;ue871&#8242; font=&#8217;entypo-fontello&#8217;]<\/p>\n<ol>\n<li><span style=\"color: #000000;\">Menores valores de coparticipa\u00e7\u00e3o<\/span><\/li>\n<li><span style=\"color: #000000;\">Maior assertividade nos Diagn\u00f3sticos e Tratamentos<\/span><\/li>\n<li><span style=\"color: #000000;\">Qualidade de Vida<\/span><\/li>\n<\/ol>\n<p>[\/av_iconlist_item]<br \/>\n[\/av_iconlist]<\/p>\n<p>[av_icon_box icon=&#8217;ue889&#8242; font=&#8217;entypo-fontello&#8217; position=&#8217;left&#8217; title=&#8217;MACRO OBJETIVOS DO PLANO DE A\u00c7\u00c3O:&#8217; link=&#8221; linktarget=&#8221;]<br \/>\nClick here to add your own text<br \/>\n[\/av_icon_box]<\/p>\n<p>[av_iconlist position=&#8217;left&#8217;]<br \/>\n[av_iconlist_item title=&#8217;Redu\u00e7\u00e3o da Sinistralidade e Passivos Trabalhistas&#8217; link=&#8221; linktarget=&#8221; icon=&#8217;ue871&#8242; font=&#8217;entypo-fontello&#8217;]<br \/>\n<b>A\u00e7\u00e3o:<\/b>\u00a0<span style=\"color: #000000;\">Implanta\u00e7\u00e3o do Prontu\u00e1rio Eletr\u00f4nico e do Atestado M\u00e9dico para fins de Per\u00edcia M\u00e9dica em conjunto com a Operadora de Plano de Sa\u00fade que atende a sua Empresa.<\/span><\/p>\n<p><b>Resultado:<\/b>\u00a0<span style=\"color: #000000;\">Redu\u00e7\u00e3o da Sinistralidade atrav\u00e9s de atividades realizadas em conjunto com a Operadora de Planos de Sa\u00fade.<\/span><br \/>\n[\/av_iconlist_item]<br \/>\n[av_iconlist_item title=&#8217;Redu\u00e7\u00e3o do Custo com o Benef\u00edcio Sa\u00fade&#8217; link=&#8221; linktarget=&#8221; icon=&#8217;ue871&#8242; font=&#8217;entypo-fontello&#8217;]<br \/>\n<b>A\u00e7\u00e3o:<\/b>\u00a0<span style=\"color: #000000;\">Implanta\u00e7\u00e3o do Plano H\u00edbrido.<\/span><\/p>\n<p><b>Resultado :<\/b>\u00a0<span style=\"color: #000000;\">Redu\u00e7\u00e3o Imediata dos Custos com o Benef\u00edcio Sa\u00fade de 30% a 55%.<\/span><br \/>\n[\/av_iconlist_item]<br \/>\n[av_iconlist_item title=&#8217; Motivacional e Qualidade de Vida&#8217; link=&#8221; linktarget=&#8221; icon=&#8217;ue871&#8242; font=&#8217;entypo-fontello&#8217;]<br \/>\n<b>A\u00e7\u00e3o:<\/b>\u00a0<span style=\"color: #000000;\">Implanta\u00e7\u00e3o do Clube de Autocura \u2013 Programa de Pontos e Pr\u00eamios em Qualidade de Vida em conjunto com a Operadora de Plano de Sa\u00fade.<\/span><\/p>\n<p><b>Resultado:<\/b>\u00a0<span style=\"color: #000000;\">Gest\u00e3o da Sa\u00fade do Trabalhador com Redu\u00e7\u00e3o da Sinistralidade.<\/span><br \/>\n[\/av_iconlist_item]<br \/>\n[\/av_iconlist]<\/p>\n","protected":false},"excerpt":{"rendered":"<p>[av_one_full first] [av_heading heading=&#8217;PLANO DE A\u00c7\u00c3O GEST\u00c3O DA SA\u00daDE DO TRABALHADOR COM REDU\u00c7\u00c3O DA SINISTRALIDADE &#8216; tag=&#8217;h3&#8242; color=&#8221; style=&#8217;blockquote modern-quote&#8217; padding=&#8217;0&#8242;] [\/av_one_full] [av_hr class=&#8217;default&#8217; height=&#8217;50&#8217; shadow=&#8217;no-shadow&#8217; position=&#8217;center&#8217;] [av_one_full first] [av_icon_box icon=&#8217;ue828&#8242; font=&#8217;entypo-fontello&#8217; position=&#8217;left&#8217; title=&#8217;1. APRESENTA\u00c7\u00c3O&#8217; link=&#8221; linktarget=&#8221;] \u00c9 com grande &hellip; <a href=\"https:\/\/www.clubederh.com.br\/?page_id=4052\">Continue lendo <span class=\"meta-nav\">&rarr;<\/span><\/a><\/p>\n","protected":false},"author":2,"featured_media":0,"parent":0,"menu_order":0,"comment_status":"open","ping_status":"open","template":"","meta":{"footnotes":""},"_links":{"self":[{"href":"https:\/\/www.clubederh.com.br\/index.php?rest_route=\/wp\/v2\/pages\/4052"}],"collection":[{"href":"https:\/\/www.clubederh.com.br\/index.php?rest_route=\/wp\/v2\/pages"}],"about":[{"href":"https:\/\/www.clubederh.com.br\/index.php?rest_route=\/wp\/v2\/types\/page"}],"author":[{"embeddable":true,"href":"https:\/\/www.clubederh.com.br\/index.php?rest_route=\/wp\/v2\/users\/2"}],"replies":[{"embeddable":true,"href":"https:\/\/www.clubederh.com.br\/index.php?rest_route=%2Fwp%2Fv2%2Fcomments&post=4052"}],"version-history":[{"count":18,"href":"https:\/\/www.clubederh.com.br\/index.php?rest_route=\/wp\/v2\/pages\/4052\/revisions"}],"predecessor-version":[{"id":4054,"href":"https:\/\/www.clubederh.com.br\/index.php?rest_route=\/wp\/v2\/pages\/4052\/revisions\/4054"}],"wp:attachment":[{"href":"https:\/\/www.clubederh.com.br\/index.php?rest_route=%2Fwp%2Fv2%2Fmedia&parent=4052"}],"curies":[{"name":"wp","href":"https:\/\/api.w.org\/{rel}","templated":true}]}}